{"id":1,"date":"2022-05-16T13:56:54","date_gmt":"2022-05-16T11:56:54","guid":{"rendered":"http:\/\/www.ateneapark.com\/?p=1"},"modified":"2026-03-27T15:35:42","modified_gmt":"2026-03-27T14:35:42","slug":"atenea-park","status":"publish","type":"page","link":"https:\/\/www.ateneapark.com\/es","title":{"rendered":"Atenea Park"},"content":{"rendered":"<h2>Mejor precio garantizado en la web oficial<\/h2>\n<h4>\n<p><strong>5% de descuento <br \/><\/strong><\/p>\n<\/h4>\n<div>\n<div class=\"reservaTop\">Reserva ahora con el mejor precio garantizado<\/div>\n<div id=\"widgetHome\" uk-sticky=\"offset: 10;top: 200;animation: uk-animation-slide-top;media: 1024\">\n<html><br \/>\n    <head>\n        <link rel=\"stylesheet\" href=\"https:\/\/assets-gnahs.s3.eu-west-3.amazonaws.com\/booking-widget\/booking-widget.css\">\n        <script async defer src=\"https:\/\/assets-gnahs.s3.eu-west-3.amazonaws.com\/booking-widget\/booking-widget.js\" onload=\"loadWidget()\"><\/script><br \/>\n    <\/head><\/p>\n<p>    <body><\/p>\n<div class=\"c-booking-widget\">\n<div class=\"c-booking-widget__body\">\n<div class=\"c-booking-widget__container\">\n<div class=\"c-booking-widget__item dates-component dates-component-wrapper\"><\/div>\n<div class=\"c-booking-widget__item occupancy-component occupancy-component-container\"><\/div>\n<div class=\"c-booking-widget__item booking-button\"><\/div>\n<\/p><\/div>\n<\/p><\/div>\n<\/p><\/div>\n<p>        <script>\n        function loadWidget () { \n            new gna.BookingWidget({\n                settings: { \n                    language: 'es',\n                    bookingRoute: 'reservas',\n                    checkInLabel: 'Fecha entrada',\n                    checkOutLabel: 'Fecha salida',\n                    occupancyLabel: 'Habitaciones',\n                    bookingButtonLabel: 'Reservar',\n                    promocodeLabel: '',\n                    promoCodeIcon: {\n                        show: false,\n                    },\n                    gap: -10,\n                    appeareance: {\n                        colors: {\n                            'color-primary': '#595962',\n                            'color-secondary': '#ddfbfc',\n                            'color-text': '#001E62',\n                            'color-light-text': 'white',\n                        },\n                        scrollHide: true\n                    }\n                },\n                selectors: {\n                    dates: '.dates-component',\n                    occupancy: '.occupancy-component',\n                    promocode: '.promo-code',\n                    submit: '.booking-button',\n                    fixedTo: '.c-booking-widget'\n                },\n                configuration:{\n\t\t\t\t\tdates:{\n        \t\t\t\tsetFormat: 'YYYY-MM-DD'\n   \t\t\t\t    },\n                    occupancy:{\n                        occupancy: {\n                            roomsMin: 1,\n                            roomsMax: 10,\n                            roomsDefault: 1,\n                            adultsMin: 1,\n                            adultsMax: 10,\n                            adultsDefault: 2,\n                            childMin: 0,\n                            childMax: 10,\n                            childDefault: 0,\n                            childAgeMin: 0,\n                            childAgeMax: 12,\n                            childAgeDefault: 0,\n                            divideAdultsAndChild: true,\n                            adultsOnly: false,\n                            establishment: 'room',\n                            childrenAgeHaveToBeSetted: true,\n                        },\n                    }\n                } \n            })\n        }\n        <\/script><\/p>\n<p>    <\/body><\/p>\n<p><\/html>\n<\/div>\n<\/div>\n<ul>\n<li>\n<p>        <img decoding=\"async\" src=\"\/wp-content\/uploads\/2022\/02\/icono-mejor-precio.svg\" alt=\"\"><\/p>\n<div>Mejor precio garantizado<\/div>\n<\/li>\n<li>\n<p>        <img decoding=\"async\" src=\"\/wp-content\/uploads\/2022\/02\/icono-reserva-segura.svg\" alt=\"\"><\/p>\n<div> Reserva <br \/>100% segura<\/div>\n<\/li>\n<li>\n<p>        <img decoding=\"async\" src=\"\/wp-content\/uploads\/2022\/02\/icono-pago-directo.svg\" alt=\"\"><\/p>\n<div>Pago directo en establecimiento<\/div>\n<\/li>\n<\/ul>\n<h3>Al\u00f3jate junto a la playa muy cerca de Barcelona<\/h3>\n<div>Atenea Park\u00a0est\u00e1 situado en Vilanova y la Geltr\u00fa, poblaci\u00f3n de la costa de Barcelona muy pr\u00f3xima a Sitges. Se halla en un\u00a0paraje id\u00edlico\u00a0y tranquilo, en segunda l\u00ednea de mar junto al paseo mar\u00edtimo y la playa de Ribes Roges. <\/div>\n<p><img decoding=\"async\" src=\"\/wp-content\/uploads\/2022\/02\/foto-platja.jpg\" alt=\"\"><\/p>\n<p><p>\n        <a href=\"\/entorno\/\">Desc\u00fabre el entorno<\/a>\n    <\/p>\n<\/p>\n<p><img decoding=\"async\" src=\"\/wp-content\/uploads\/2023\/11\/DJI_0355-Preferda.jpg\" alt=\"\"><\/p>\n<h3>Descubre nuestros apartamentos<\/h3>\n<div>\n<p>Fant\u00e1sticos y luminosos apartamentos con cocina y capacidad para una, dos, tres o cuatro personas. <strong>Algunas con puerta de separaci\u00f3n<\/strong>.<\/p>\n<\/div>\n<ul>\n<li>\n<p>        <img decoding=\"async\" src=\"\/wp-content\/uploads\/2022\/02\/slide-home-habitacio-1-1000.jpg\" alt=\"\"><\/p>\n<\/li>\n<li>\n<p>        <img decoding=\"async\" src=\"\/wp-content\/uploads\/2022\/02\/slide-home-habitacio-2-1000.jpg\" alt=\"\"><\/p>\n<\/li>\n<li>\n<p>        <img decoding=\"async\" src=\"\/wp-content\/uploads\/2022\/02\/slide-home-habitacio-4-1000.jpg\" alt=\"\"><\/p>\n<\/li>\n<li>\n<p>        <img decoding=\"async\" src=\"\/wp-content\/uploads\/2022\/02\/slide-home-habitacio-5-1000.jpg\" alt=\"\"><\/p>\n<\/li>\n<\/ul>\n<p><p>\n        <a href=\"\/habitaciones\/\">Nuestros apartamentos<\/a>\n    <\/p>\n<\/p>\n<ul>\n<li>\n<p>        <img decoding=\"async\" src=\"\/wp-content\/uploads\/2023\/01\/2.-JNR-96-3.jpg\" alt=\"\"><\/p>\n<\/li>\n<li>\n<p>        <img decoding=\"async\" src=\"\/wp-content\/uploads\/2023\/11\/5.-JNR-20-Editar.jpg\" alt=\"\"><\/p>\n<\/li>\n<li>\n<p>        <img decoding=\"async\" src=\"\/wp-content\/uploads\/2023\/01\/3.-JNR-18-2.jpg\" alt=\"\"><\/p>\n<\/li>\n<li>\n<p>        <img decoding=\"async\" src=\"\/wp-content\/uploads\/2023\/11\/6.-JNR-14.jpg\" alt=\"\"><\/p>\n<\/li>\n<li>\n<p>        <img decoding=\"async\" src=\"\/wp-content\/uploads\/2023\/01\/Z1.-JNR-56-Editar-1.jpg\" alt=\"\"><\/p>\n<\/li>\n<li>\n<p>        <img decoding=\"async\" src=\"\/wp-content\/uploads\/2023\/01\/Z2.-JNR-55-Editar-3.jpg\" alt=\"\"><\/p>\n<\/li>\n<li>\n<p>        <img decoding=\"async\" src=\"\/wp-content\/uploads\/2023\/01\/Z3.-JNR-57-Editar-1.jpg\" alt=\"\"><\/p>\n<\/li>\n<\/ul>\n<h3>Restaurante y Terraza bar<\/h3>\n<div>Atenea Park\u00a0pone a tu disposici\u00f3n un espacio gastron\u00f3mico de cocina mediterr\u00e1nea con productos de temporada en un ambiente tranquilo y acogedor. <\/div>\n<ul>\n<li>\n<p>        <img decoding=\"async\" src=\"\/wp-content\/uploads\/2022\/02\/slide-home-restaurant-3-1000.jpg\" alt=\"\"><\/p>\n<\/li>\n<li>\n<p>        <img decoding=\"async\" src=\"\/wp-content\/uploads\/2022\/02\/slide-home-restaurant-1-1000.jpg\" alt=\"\"><\/p>\n<\/li>\n<li>\n<p>        <img decoding=\"async\" src=\"\/wp-content\/uploads\/2022\/02\/slide-home-restaurant-2-1000.jpg\" alt=\"\"><\/p>\n<\/li>\n<\/ul>\n<p><p>\n        <a href=\"\/restaurante\/\">Espacio gastron\u00f3mico<\/a>\n    <\/p>\n<\/p>\n<ul>\n<li>\n<p>        <img decoding=\"async\" src=\"\/wp-content\/uploads\/2022\/02\/slide-home-restaurant-3-1000.jpg\" alt=\"\"><\/p>\n<\/li>\n<li>\n<p>        <img decoding=\"async\" src=\"\/wp-content\/uploads\/2022\/02\/slide-home-restaurant-1-1000.jpg\" alt=\"\"><\/p>\n<\/li>\n<li>\n<p>        <img decoding=\"async\" src=\"\/wp-content\/uploads\/2022\/02\/slide-home-restaurant-2-1000.jpg\" alt=\"\"><\/p>\n<\/li>\n<\/ul>\n<h3>Servicios e instalaciones<\/h3>\n<ul>\n<li>\n<p>        <img decoding=\"async\" src=\"\/wp-content\/uploads\/2022\/02\/servei-recepcio.svg\" alt=\"\"><\/p>\n<div>Recepci\u00f3n 24 horas<\/div>\n<\/li>\n<li>\n<p>        <img decoding=\"async\" src=\"\/wp-content\/uploads\/2022\/02\/servei-piscina.svg\" alt=\"\"><\/p>\n<div>Zona jardin con dos piscinas<\/div>\n<\/li>\n<li>\n<p>        <img decoding=\"async\" src=\"\/wp-content\/uploads\/2022\/02\/servei-restaurant.svg\" alt=\"\"><\/p>\n<div>Restaurante y terraza bar<\/div>\n<\/li>\n<li>\n<p>        <img decoding=\"async\" src=\"\/wp-content\/uploads\/2022\/02\/servei-room-service.svg\" alt=\"\"><\/p>\n<div>Room Service<\/div>\n<\/li>\n<li>\n<p>        <img decoding=\"async\" src=\"\/wp-content\/uploads\/2022\/02\/servei-parking.svg\" alt=\"\"><\/p>\n<div>Parking<\/div>\n<\/li>\n<li>\n<p>        <img decoding=\"async\" src=\"\/wp-content\/uploads\/2022\/02\/servei-wiffi.svg\" alt=\"\"><\/p>\n<div>Wifi gratuito<\/div>\n<\/li>\n<li>\n<p>        <img decoding=\"async\" src=\"\/wp-content\/uploads\/2022\/02\/servei-caixa-forta.svg\" alt=\"\"><\/p>\n<div>Caja fuerte<\/div>\n<\/li>\n<li>\n<p>        <img decoding=\"async\" src=\"\/wp-content\/uploads\/2022\/02\/servei-bugaderia.svg\" alt=\"\"><\/p>\n<div>Lavander\u00eda expr\u00e9s<\/div>\n<\/li>\n<li>\n<p>        <img decoding=\"async\" src=\"\/wp-content\/uploads\/2022\/02\/servei-rentadores.svg\" alt=\"\"><\/p>\n<div>Lavadoras y secadoras<\/div>\n<\/li>\n<li>\n<p>        <img decoding=\"async\" src=\"\/wp-content\/uploads\/2022\/02\/servei-habitacions-adaptades.svg\" alt=\"\"><\/p>\n<div>Habitaciones adaptadas<\/div>\n<\/li>\n<li>\n<p>        <img decoding=\"async\" src=\"\/wp-content\/uploads\/2022\/02\/servei-cardioproteccio.svg\" alt=\"\"><\/p>\n<div>Entorno cardioprotegido<\/div>\n<\/li>\n<li>\n<p>        <img decoding=\"async\" src=\"\/wp-content\/uploads\/2022\/02\/servei-bikefriendly.svg\" alt=\"\"><\/p>\n<div>Alojamiento Bikefriendly<\/div>\n<\/li>\n<\/ul>\n<h3>Preguntas frecuentes<\/h3>\n<ul>\n<li>\n<h3>\u00bfPor qu\u00e9 reservar el apartamento tur\u00edstico en Vilanova en la web oficial? \u00bfQu\u00e9 ventajas tiene?<\/h3>\n<div>Si buscas alquilar en Atenea Park un Aparthotel en Vilanova encontrar\u00e1s la mejor tarifa y ofertas especiales que solo est\u00e1n disponibles en la web oficial. Ahora al reservar directamente disfruta de un descuento del 5 %.<\/div>\n<\/li>\n<li>\n<h3>\u00bfQu\u00e9 encontrar\u00e9 en Aparthotel Vilanova Atenea Park Suites Apartments?<\/h3>\n<div>\n<p>Atenea park son apartamentos tur\u00edsticos que ofrecen servicios de hotel Vilanova i la Geltr\u00fa: recepci\u00f3n 24 horas, limpieza diaria de habitaci\u00f3n, desayuno buffet, restaurante, etc. Pero con la ventaja de tener una habitaci\u00f3n tipo estudio con cocina y as\u00ed una estancia m\u00e1s polivalente.<\/p>\n<p>Ven a disfrutar de los mejores apartamentos en Vilanova con las ventajas de un apart-hotel con el mejor precio y calidad.<\/p>\n<\/div>\n<\/li>\n<li>\n<h3>\u00bfEs Atenea Park un alojamiento en Vilanova id\u00f3neo para familias con ni\u00f1os?<\/h3>\n<div>\n<p>Atenea Park dispone del distintivo de Turismo familiar con lo que es un alojamiento perfecto para familias. En nuestros apartamentos vacacionales para ni\u00f1os en Vilanova i la Geltr\u00fa podr\u00e1s disfrutar con tus hijos de nuestra bonita zona ajardinada y sus piscinas, una de ellas infantil. Tambi\u00e9n disponemos de un parque infantil para los m\u00e1s peque\u00f1os.<\/p>\n<p>Atenea Park apartamentos tur\u00edsticos Vilanova con servicios de hotel incluidos en Vilanova.<\/p>\n<\/div>\n<\/li>\n<li>\n<h3>\u00bfTienen cunas los apartamentos del Apart-hotel?<\/h3>\n<div>\n<p>S\u00ed, disponemos de cunas, tienen un coste de 12 euros al d\u00eda. Deben solicitarse en el momento de hacer la reserva.<\/p>\n<\/div>\n<\/li>\n<li>\n<h3>\u00bfCu\u00e1ntas piscinas hay en Atenea Park?<\/h3>\n<div>\n<p>Disponemos de dos piscinas; una grande para adultos y otra infantil.<\/p>\n<p>Ven a conocer estos apartamentos vacacionales Vilanova.<\/p>\n<\/div>\n<\/li>\n<li>\n<h3>\u00bfTienen toallas de piscina a disposici\u00f3n del cliente?<\/h3>\n<div>\n<p>En el caso de que no lleves tu propia toalla de piscina, Atenea Park ofrece servicio de alquiler de toallas con un coste de 3,50 euros por toalla.<\/p>\n<\/div>\n<\/li>\n<li>\n<h3>Viajamos en coche hacia el Apart-hotel Vilanova . \u00bfTienen parking?<\/h3>\n<div>En Atenea Park Vilanova i la Geltr\u00fa tiene un gran parking con cargadores para coches el\u00e9ctricos tambi\u00e9n. Podr\u00e1s dejar tu coche y as\u00ed disfrutar de una estancia m\u00e1s confortable. El precio es de 15 euros al d\u00eda y 18 euros d\u00eda para coches el\u00e9ctricos.<\/div>\n<\/li>\n<li>\n<h3>\u00bfAtenea Park es adecuado para estancias de trabajo o es solo para estancias vacacionales?<\/h3>\n<div>\n<p>Es un alojamiento perfecto tanto si viajas por trabajo o por placer.<\/p>\n<p>Atenea Park dispone de apartamentos de alquiler para vacaciones Vilanova que pueden disfrutarse todos los meses del a\u00f1o, tambi\u00e9n para estancias de trabajo.<\/p>\n<\/div>\n<\/li>\n<\/ul>\n<p><!--more--><br \/>\n<!-- {\"name\":\"Home\",\"type\":\"layout\",\"children\":[{\"name\":\"1950x935px\",\"type\":\"section\",\"props\":{\"animation\":\"fade\",\"animation_delay\":\"100\",\"css\":\"@media(min-width:1400px){\\n\\t.el-section{\\n        width: 100vw;\\n        left: calc((-100vw + 1400px)\/2);\\n    }\\n}\",\"height\":\"viewport\",\"height_viewport\":80,\"height_viewport_offset\":true,\"image\":\"wp-content\/uploads\/2022\/02\/home-slide-piscina.jpg\",\"image_position\":\"center-center\",\"image_size\":\"cover\",\"media_overlay_gradient\":\"linear-gradient(rgba(89, 89, 98, 0.27) 0%, rgba(89, 89, 98, 0.65) 100%)\",\"padding_bottom\":\"none\",\"padding_top\":\"small\",\"style\":\"default\",\"title_breakpoint\":\"xl\",\"title_position\":\"top-left\",\"title_rotation\":\"left\",\"vertical_align\":\"bottom\",\"width\":\"small\"},\"children\":[{\"type\":\"row\",\"children\":[{\"type\":\"column\",\"props\":{\"image_position\":\"center-center\",\"position_sticky_breakpoint\":\"m\",\"width_medium\":\"1-1\"},\"children\":[{\"type\":\"headline\",\"props\":{\"animation\":\"slide-top-small\",\"block_align\":\"center\",\"class\":\"uk-light\",\"content\":\"Mejor precio garantizado en la web oficial\",\"css\":\".el-element{\\n    text-shadow: 0px 0px 10px #595962;\\n}\\n\",\"image_align\":\"left\",\"image_margin\":\"xsmall\",\"margin_bottom\":\"default\",\"margin_top\":\"default\",\"maxwidth\":\"2xlarge\",\"text_align\":\"center\",\"title_element\":\"h2\",\"title_style\":\"heading-xlarge\"}},{\"type\":\"headline\",\"props\":{\"animation\":\"slide-top-small\",\"block_align\":\"center\",\"class\":\"uk-light fontSemiBold\",\"content\":\"\n\n<p><strong>5% de descuento <br \/><\/strong><\/p>\n\n\",\"css\":\".el-element{\\n    text-shadow: 0px 0px 10px #595962;\\n    line-height:1.4;\\n}\\n\\n.el-element strong{\\n\\tbackground-color:#cd9f26;\\n    padding-left:5px;\\n    padding-right:5px;\\n\\ttext-shadow: none;\\n}\",\"image_align\":\"left\",\"image_margin\":\"xsmall\",\"margin_bottom\":\"default\",\"margin_top\":\"default\",\"maxwidth\":\"2xlarge\",\"text_align\":\"center\",\"title_element\":\"h4\",\"title_font_family\":\"default\",\"title_style\":\"heading-small\"}}]}]},{\"type\":\"row\",\"props\":{\"id\":\"widgetHero\",\"margin_bottom\":\"remove\",\"margin_top\":\"remove\"},\"children\":[{\"type\":\"column\",\"props\":{\"image_position\":\"center-center\",\"position_sticky_breakpoint\":\"m\"},\"children\":[{\"type\":\"html\",\"props\":{\"class\":\"uk-margin-xlarge-top\",\"content\":\"\n\n<div class=\\\"reservaTop\\\">Reserva ahora con el mejor precio garantizado<\/div>\n\n\\n\n\n<div id=\\\"widgetHome\\\" uk-sticky=\\\"offset: 10;top: 200;animation: uk-animation-slide-top;media: 1024\\\">\\n<html>\\n    <head>\\n        <link rel=\\\"stylesheet\\\" href=\\\"https:\/\/assets-gnahs.s3.eu-west-3.amazonaws.com\/booking-widget\/booking-widget.css\\\">\\n        <script async defer src=\\\"https:\/\/assets-gnahs.s3.eu-west-3.amazonaws.com\/booking-widget\/booking-widget.js\\\" onload=\\\"loadWidget()\\\"><\/script>\\n    <\/head>\\n\\n    <body>\\n\\n        \n\n<div class=\\\"c-booking-widget\\\">\\n            \n\n<div class=\\\"c-booking-widget__body\\\">\\n                \n\n<div class=\\\"c-booking-widget__container\\\">\\n                    \n\n<div class=\\\"c-booking-widget__item dates-component dates-component-wrapper\\\"><\/div>\n\n\\n                    \n\n<div class=\\\"c-booking-widget__item occupancy-component occupancy-component-container\\\"><\/div>\n\n\\n                    \n\n<div class=\\\"c-booking-widget__item booking-button\\\"><\/div>\n\n\\n                <\/div>\n\n\\n            <\/div>\n\n\\n        <\/div>\n\n\\n\\n        <script>\\n        function loadWidget () { \\n            new gna.BookingWidget({\\n                settings: { \\n                    language: 'es',\\n                    bookingRoute: 'reservas',\\n                    checkInLabel: 'Fecha entrada',\\n                    checkOutLabel: 'Fecha salida',\\n                    occupancyLabel: 'Habitaciones',\\n                    bookingButtonLabel: 'Reservar',\\n                    promocodeLabel: '',\\n                    promoCodeIcon: {\\n                        show: false,\\n                    },\\n                    gap: -10,\\n                    appeareance: {\\n                        colors: {\\n                            'color-primary': '#595962',\\n                            'color-secondary': '#ddfbfc',\\n                            'color-text': '#001E62',\\n                            'color-light-text': 'white',\\n                        },\\n                        scrollHide: true\\n                    }\\n                },\\n                selectors: {\\n                    dates: '.dates-component',\\n                    occupancy: '.occupancy-component',\\n                    promocode: '.promo-code',\\n                    submit: '.booking-button',\\n                    fixedTo: '.c-booking-widget'\\n                },\\n                configuration:{\\n\\t\\t\\t\\t\\tdates:{\\n        \\t\\t\\t\\tsetFormat: 'YYYY-MM-DD'\\n   \\t\\t\\t\\t    },\\n                    occupancy:{\\n                        occupancy: {\\n                            roomsMin: 1,\\n                            roomsMax: 10,\\n                            roomsDefault: 1,\\n                            adultsMin: 1,\\n                            adultsMax: 10,\\n                            adultsDefault: 2,\\n                            childMin: 0,\\n                            childMax: 10,\\n                            childDefault: 0,\\n                            childAgeMin: 0,\\n                            childAgeMax: 12,\\n                            childAgeDefault: 0,\\n                            divideAdultsAndChild: true,\\n                            adultsOnly: false,\\n                            establishment: 'room',\\n                            childrenAgeHaveToBeSetted: true,\\n                        },\\n                    }\\n                } \\n            })\\n        }\\n        <\/script>\\n\\n    <\/body>\\n\\n<\/html>\\n<\/div>\n\n\"}},{\"type\":\"grid\",\"props\":{\"class\":\"uk-light\",\"content_column_breakpoint\":\"m\",\"filter_align\":\"left\",\"filter_all\":true,\"filter_grid_breakpoint\":\"m\",\"filter_grid_width\":\"auto\",\"filter_position\":\"top\",\"filter_style\":\"tab\",\"grid_column_align\":true,\"grid_column_gap\":\"small\",\"grid_default\":\"3\",\"grid_medium\":\"\",\"grid_row_align\":true,\"id\":\"gridIconesSotaWidget\",\"image_align\":\"left\",\"image_grid_breakpoint\":\"m\",\"image_grid_column_gap\":\"medium\",\"image_grid_width\":\"auto\",\"image_svg_color\":\"emphasis\",\"image_vertical_align\":true,\"item_animation\":true,\"lightbox_bg_close\":true,\"link_style\":\"default\",\"link_text\":\"Read more\",\"margin_bottom\":\"default\",\"margin_top\":\"remove\",\"meta_align\":\"below-title\",\"meta_element\":\"div\",\"meta_style\":\"text-meta\",\"parallax_easing\":\"1\",\"show_content\":true,\"show_hover_image\":true,\"show_hover_video\":true,\"show_image\":true,\"show_link\":true,\"show_meta\":true,\"show_title\":true,\"show_video\":true,\"title_align\":\"top\",\"title_element\":\"div\",\"title_grid_breakpoint\":\"m\",\"title_grid_width\":\"1-2\",\"title_hover_style\":\"reset\",\"visibility\":\"m\"},\"children\":[{\"type\":\"grid_item\",\"props\":{\"image\":\"wp-content\/uploads\/2022\/02\/icono-mejor-precio.svg\",\"title\":\"Mejor precio garantizado\"}},{\"type\":\"grid_item\",\"props\":{\"image\":\"wp-content\/uploads\/2022\/02\/icono-reserva-segura.svg\",\"title\":\" Reserva <br \/>100% segura\"}},{\"type\":\"grid_item\",\"props\":{\"image\":\"wp-content\/uploads\/2022\/02\/icono-pago-directo.svg\",\"title\":\"Pago directo en establecimiento\"}}]}]}]}]},{\"type\":\"section\",\"props\":{\"animation\":\"fade\",\"animation_delay\":\"100\",\"css\":\".el-section{\\npadding-top:100px;\\n}\",\"image_position\":\"center-right\",\"image_size\":\"cover\",\"padding_bottom\":\"xsmall\",\"padding_remove_horizontal\":false,\"padding_top\":\"xsmall\",\"style\":\"default\",\"title_breakpoint\":\"xl\",\"title_position\":\"top-left\",\"title_rotation\":\"left\",\"vertical_align\":\"\",\"width\":\"default\"},\"children\":[{\"type\":\"row\",\"props\":{\"column_gap\":\"collapse\",\"layout\":\"1-3,2-3\",\"row_gap\":\"collapse\"},\"children\":[{\"type\":\"column\",\"props\":{\"image_position\":\"center-center\",\"padding\":\"small\",\"position_sticky_breakpoint\":\"m\",\"style\":\"tile-secondary\",\"vertical_align\":\"middle\",\"width_medium\":\"large\"},\"children\":[{\"type\":\"headline\",\"props\":{\"animation\":\"slide-right-small\",\"block_align\":\"center\",\"content\":\"Al\u00f3jate junto a la playa muy cerca de Barcelona\",\"image_align\":\"left\",\"image_margin\":\"xsmall\",\"margin_bottom\":\"default\",\"margin_top\":\"default\",\"maxwidth\":\"large\",\"text_align\":\"center\",\"title_color\":\"primary\",\"title_element\":\"h3\",\"title_style\":\"heading-small\"}},{\"type\":\"text\",\"props\":{\"animation\":\"slide-right-small\",\"block_align\":\"center\",\"column_breakpoint\":\"m\",\"content\":\"Atenea Park\u00a0est\u00e1 situado en Vilanova y la Geltr\u00fa, poblaci\u00f3n de la costa de Barcelona muy pr\u00f3xima a Sitges. Se halla en un\u00a0paraje id\u00edlico\u00a0y tranquilo, en segunda l\u00ednea de mar junto al paseo mar\u00edtimo y la playa de Ribes Roges. \",\"margin_bottom\":\"medium\",\"margin_top\":\"medium\",\"maxwidth\":\"large\",\"maxwidth_breakpoint\":\"m\",\"text_align\":\"center\"}},{\"type\":\"image\",\"props\":{\"image\":\"wp-content\/uploads\/2022\/02\/foto-platja.jpg\",\"image_svg_color\":\"emphasis\",\"margin_bottom\":\"default\",\"margin_top\":\"default\",\"text_align\":\"center\",\"visibility\":\"hidden-m\"},\"name\":\"1000x665px \"},{\"type\":\"button\",\"props\":{\"animation\":\"slide-right-small\",\"grid_column_gap\":\"small\",\"grid_row_gap\":\"small\",\"margin_bottom\":\"medium\",\"margin_top\":\"medium\",\"text_align\":\"center\"},\"children\":[{\"type\":\"button_item\",\"props\":{\"button_style\":\"default\",\"content\":\"Desc\u00fabre el entorno\",\"dialog_layout\":\"modal\",\"dialog_offcanvas_flip\":true,\"icon_align\":\"left\",\"link\":\"entorno\/\"}}]}]},{\"type\":\"column\",\"props\":{\"image\":\"wp-content\/uploads\/2022\/02\/foto-platja-1000.jpg\",\"image_position\":\"center-center\",\"image_size\":\"cover\",\"media_visibility\":\"m\",\"order_first\":\"m\",\"padding\":\"none\",\"position_sticky_breakpoint\":\"m\",\"vertical_align\":\"middle\",\"width_medium\":\"expand\"},\"children\":[{\"type\":\"image\",\"props\":{\"image\":\"wp-content\/uploads\/2023\/11\/DJI_0355-Preferda.jpg\",\"image_svg_color\":\"emphasis\",\"margin_bottom\":\"default\",\"margin_top\":\"default\"}}]}]}],\"name\":\"Foto 1000x665px \"},{\"type\":\"section\",\"props\":{\"animation\":\"fade\",\"animation_delay\":\"100\",\"image_position\":\"center-right\",\"image_size\":\"cover\",\"padding_bottom\":\"xsmall\",\"padding_remove_horizontal\":false,\"padding_top\":\"xsmall\",\"style\":\"default\",\"title_breakpoint\":\"xl\",\"title_position\":\"top-left\",\"title_rotation\":\"left\",\"vertical_align\":\"\",\"width\":\"default\"},\"children\":[{\"type\":\"row\",\"props\":{\"column_gap\":\"collapse\",\"layout\":\"1-3,2-3\",\"row_gap\":\"collapse\"},\"children\":[{\"type\":\"column\",\"props\":{\"image_position\":\"center-center\",\"padding\":\"small\",\"position_sticky_breakpoint\":\"m\",\"style\":\"tile-secondary\",\"vertical_align\":\"middle\",\"width_medium\":\"large\"},\"children\":[{\"type\":\"headline\",\"props\":{\"animation\":\"slide-right-small\",\"block_align\":\"center\",\"content\":\"Descubre nuestros apartamentos\",\"image_align\":\"left\",\"image_margin\":\"xsmall\",\"margin_bottom\":\"default\",\"margin_top\":\"default\",\"maxwidth\":\"large\",\"text_align\":\"center\",\"title_color\":\"primary\",\"title_element\":\"h3\",\"title_style\":\"heading-small\"}},{\"type\":\"text\",\"props\":{\"animation\":\"slide-right-small\",\"block_align\":\"center\",\"column_breakpoint\":\"m\",\"content\":\"\n\n<p>Fant\u00e1sticos y luminosos apartamentos con cocina y capacidad para una, dos, tres o cuatro personas. <strong>Algunas con puerta de separaci\u00f3n<\/strong>.<\/p>\n\n\",\"margin_bottom\":\"medium\",\"margin_top\":\"medium\",\"maxwidth\":\"large\",\"maxwidth_breakpoint\":\"m\",\"text_align\":\"center\"}},{\"type\":\"slideshow\",\"props\":{\"animation\":\"slide-bottom-small\",\"image_width\":\"850\",\"link_style\":\"default\",\"link_text\":\"Read more\",\"margin_bottom\":\"remove\",\"margin_top\":\"default\",\"meta_align\":\"below-title\",\"meta_element\":\"div\",\"meta_style\":\"text-meta\",\"nav\":\"\",\"nav_align\":\"center\",\"nav_breakpoint\":\"s\",\"nav_position\":\"bottom-center\",\"nav_position_margin\":\"medium\",\"overlay_animation\":\"parallax\",\"overlay_position\":\"center-left\",\"show_content\":true,\"show_link\":true,\"show_meta\":true,\"show_thumbnail\":true,\"show_title\":true,\"slidenav\":\"default\",\"slidenav_breakpoint\":\"\",\"slidenav_margin\":\"small\",\"slidenav_outside_breakpoint\":\"xl\",\"slideshow_autoplay_pause\":true,\"slideshow_min_height\":\"\",\"slideshow_ratio\":\"4:3\",\"thumbnav_height\":\"75\",\"thumbnav_svg_color\":\"emphasis\",\"thumbnav_width\":\"100\",\"title_element\":\"h3\",\"title_hover_style\":\"reset\",\"visibility\":\"hidden-m\"},\"children\":[{\"type\":\"slideshow_item\",\"props\":{\"image\":\"wp-content\/uploads\/2022\/02\/slide-home-habitacio-1-1000.jpg\"}},{\"type\":\"slideshow_item\",\"props\":{\"image\":\"wp-content\/uploads\/2022\/02\/slide-home-habitacio-2-1000.jpg\"}},{\"type\":\"slideshow_item\",\"props\":{\"image\":\"wp-content\/uploads\/2022\/02\/slide-home-habitacio-4-1000.jpg\"}},{\"type\":\"slideshow_item\",\"props\":{\"image\":\"wp-content\/uploads\/2022\/02\/slide-home-habitacio-5-1000.jpg\"}}],\"name\":\"1000x665px \"},{\"type\":\"button\",\"props\":{\"animation\":\"slide-right-small\",\"grid_column_gap\":\"small\",\"grid_row_gap\":\"small\",\"margin_bottom\":\"medium\",\"margin_top\":\"medium\",\"text_align\":\"center\"},\"children\":[{\"type\":\"button_item\",\"props\":{\"button_style\":\"default\",\"content\":\"Nuestros apartamentos\",\"dialog_layout\":\"modal\",\"dialog_offcanvas_flip\":true,\"icon_align\":\"left\",\"link\":\"habitaciones\/\"}}]}]},{\"type\":\"column\",\"props\":{\"image_position\":\"center-center\",\"image_size\":\"cover\",\"media_visibility\":\"m\",\"padding\":\"none\",\"position_sticky_breakpoint\":\"m\",\"style\":\"tile-secondary\",\"vertical_align\":\"middle\",\"width_medium\":\"expand\"},\"children\":[{\"type\":\"slideshow\",\"props\":{\"animation\":\"slide-right-small\",\"link_style\":\"default\",\"link_text\":\"Read more\",\"margin_bottom\":\"remove\",\"margin_top\":\"default\",\"meta_align\":\"below-title\",\"meta_element\":\"div\",\"meta_style\":\"text-meta\",\"nav\":\"\",\"nav_align\":\"center\",\"nav_breakpoint\":\"s\",\"nav_position\":\"bottom-center\",\"nav_position_margin\":\"medium\",\"overlay_animation\":\"parallax\",\"overlay_position\":\"center-left\",\"show_content\":true,\"show_link\":true,\"show_meta\":true,\"show_thumbnail\":true,\"show_title\":true,\"slidenav\":\"default\",\"slidenav_breakpoint\":\"\",\"slidenav_margin\":\"small\",\"slidenav_outside_breakpoint\":\"xl\",\"slideshow_autoplay_pause\":true,\"slideshow_min_height\":\"450\",\"thumbnav_height\":\"75\",\"thumbnav_svg_color\":\"emphasis\",\"thumbnav_width\":\"100\",\"title_element\":\"h3\",\"title_hover_style\":\"reset\",\"visibility\":\"m\"},\"children\":[{\"type\":\"slideshow_item\",\"props\":{\"image\":\"wp-content\/uploads\/2023\/01\/2.-JNR-96-3.jpg\"}},{\"type\":\"slideshow_item\",\"props\":{\"image\":\"wp-content\/uploads\/2023\/11\/5.-JNR-20-Editar.jpg\"}},{\"type\":\"slideshow_item\",\"props\":{\"image\":\"wp-content\/uploads\/2023\/01\/3.-JNR-18-2.jpg\"}},{\"type\":\"slideshow_item\",\"props\":{\"image\":\"wp-content\/uploads\/2023\/11\/6.-JNR-14.jpg\"}},{\"type\":\"slideshow_item\",\"props\":{\"image\":\"wp-content\/uploads\/2023\/01\/Z1.-JNR-56-Editar-1.jpg\"}},{\"type\":\"slideshow_item\",\"props\":{\"image\":\"wp-content\/uploads\/2023\/01\/Z2.-JNR-55-Editar-3.jpg\"}},{\"type\":\"slideshow_item\",\"props\":{\"image\":\"wp-content\/uploads\/2023\/01\/Z3.-JNR-57-Editar-1.jpg\"}}],\"name\":\"1000x665px \"}]}]}],\"name\":\"Text + Slide\"},{\"type\":\"section\",\"props\":{\"animation\":\"fade\",\"animation_delay\":\"100\",\"image_position\":\"center-right\",\"image_size\":\"cover\",\"padding_bottom\":\"xsmall\",\"padding_remove_horizontal\":false,\"padding_top\":\"xsmall\",\"style\":\"default\",\"title_breakpoint\":\"xl\",\"title_position\":\"top-left\",\"title_rotation\":\"left\",\"vertical_align\":\"\",\"width\":\"default\"},\"children\":[{\"type\":\"row\",\"props\":{\"column_gap\":\"collapse\",\"layout\":\"1-3,2-3\",\"row_gap\":\"collapse\"},\"children\":[{\"type\":\"column\",\"props\":{\"image_position\":\"center-center\",\"padding\":\"small\",\"position_sticky_breakpoint\":\"m\",\"style\":\"tile-secondary\",\"vertical_align\":\"middle\",\"width_medium\":\"large\"},\"children\":[{\"type\":\"headline\",\"props\":{\"animation\":\"slide-right-small\",\"block_align\":\"center\",\"content\":\"Restaurante y Terraza bar\",\"image_align\":\"left\",\"image_margin\":\"xsmall\",\"margin_bottom\":\"default\",\"margin_top\":\"default\",\"maxwidth\":\"medium\",\"text_align\":\"center\",\"title_color\":\"primary\",\"title_element\":\"h3\",\"title_style\":\"heading-small\"}},{\"type\":\"text\",\"props\":{\"animation\":\"slide-right-small\",\"block_align\":\"center\",\"column_breakpoint\":\"m\",\"content\":\"Atenea Park\u00a0pone a tu disposici\u00f3n un espacio gastron\u00f3mico de cocina mediterr\u00e1nea con productos de temporada en un ambiente tranquilo y acogedor. \",\"margin_bottom\":\"medium\",\"margin_top\":\"medium\",\"maxwidth\":\"large\",\"maxwidth_breakpoint\":\"m\",\"text_align\":\"center\"}},{\"type\":\"slideshow\",\"props\":{\"animation\":\"slide-bottom-small\",\"link_style\":\"default\",\"link_text\":\"Read more\",\"margin_bottom\":\"remove\",\"margin_top\":\"default\",\"meta_align\":\"below-title\",\"meta_element\":\"div\",\"meta_style\":\"text-meta\",\"nav\":\"\",\"nav_align\":\"center\",\"nav_breakpoint\":\"s\",\"nav_position\":\"bottom-center\",\"nav_position_margin\":\"medium\",\"overlay_animation\":\"parallax\",\"overlay_position\":\"center-left\",\"show_content\":true,\"show_link\":true,\"show_meta\":true,\"show_thumbnail\":true,\"show_title\":true,\"slidenav\":\"default\",\"slidenav_breakpoint\":\"\",\"slidenav_margin\":\"small\",\"slidenav_outside_breakpoint\":\"xl\",\"slideshow_autoplay_pause\":true,\"slideshow_min_height\":\"\",\"slideshow_ratio\":\"4:3\",\"thumbnav_height\":\"75\",\"thumbnav_svg_color\":\"emphasis\",\"thumbnav_width\":\"100\",\"title_element\":\"h3\",\"title_hover_style\":\"reset\",\"visibility\":\"hidden-m\"},\"children\":[{\"type\":\"slideshow_item\",\"props\":{\"image\":\"wp-content\/uploads\/2022\/02\/slide-home-restaurant-3-1000.jpg\"}},{\"type\":\"slideshow_item\",\"props\":{\"image\":\"wp-content\/uploads\/2022\/02\/slide-home-restaurant-1-1000.jpg\"}},{\"type\":\"slideshow_item\",\"props\":{\"image\":\"wp-content\/uploads\/2022\/02\/slide-home-restaurant-2-1000.jpg\"}}],\"name\":\"1000x665px \"},{\"type\":\"button\",\"props\":{\"animation\":\"slide-right-small\",\"grid_column_gap\":\"small\",\"grid_row_gap\":\"small\",\"margin_bottom\":\"medium\",\"margin_top\":\"medium\",\"text_align\":\"center\"},\"children\":[{\"type\":\"button_item\",\"props\":{\"button_style\":\"default\",\"content\":\"Espacio gastron\u00f3mico\",\"dialog_layout\":\"modal\",\"dialog_offcanvas_flip\":true,\"icon_align\":\"left\",\"link\":\"restaurante\/\"}}]}]},{\"type\":\"column\",\"props\":{\"image_position\":\"center-center\",\"image_size\":\"cover\",\"media_visibility\":\"m\",\"order_first\":\"m\",\"padding\":\"none\",\"position_sticky_breakpoint\":\"m\",\"style\":\"tile-secondary\",\"vertical_align\":\"middle\",\"width_medium\":\"expand\"},\"children\":[{\"type\":\"slideshow\",\"props\":{\"animation\":\"slide-right-small\",\"link_style\":\"default\",\"link_text\":\"Read more\",\"margin_bottom\":\"remove\",\"margin_top\":\"default\",\"meta_align\":\"below-title\",\"meta_element\":\"div\",\"meta_style\":\"text-meta\",\"nav\":\"\",\"nav_align\":\"center\",\"nav_breakpoint\":\"s\",\"nav_position\":\"bottom-center\",\"nav_position_margin\":\"medium\",\"overlay_animation\":\"parallax\",\"overlay_position\":\"center-left\",\"show_content\":true,\"show_link\":true,\"show_meta\":true,\"show_thumbnail\":true,\"show_title\":true,\"slidenav\":\"default\",\"slidenav_breakpoint\":\"\",\"slidenav_margin\":\"small\",\"slidenav_outside_breakpoint\":\"xl\",\"slideshow_autoplay_pause\":true,\"slideshow_min_height\":\"450\",\"thumbnav_height\":\"75\",\"thumbnav_svg_color\":\"emphasis\",\"thumbnav_width\":\"100\",\"title_element\":\"h3\",\"title_hover_style\":\"reset\",\"visibility\":\"m\"},\"children\":[{\"type\":\"slideshow_item\",\"props\":{\"image\":\"wp-content\/uploads\/2022\/02\/slide-home-restaurant-3-1000.jpg\"}},{\"type\":\"slideshow_item\",\"props\":{\"image\":\"wp-content\/uploads\/2022\/02\/slide-home-restaurant-1-1000.jpg\"}},{\"type\":\"slideshow_item\",\"props\":{\"image\":\"wp-content\/uploads\/2022\/02\/slide-home-restaurant-2-1000.jpg\"}}],\"name\":\"1000x665px \"}]}]}],\"name\":\"Slide + Text\"},{\"type\":\"section\",\"props\":{\"css\":\".el-section{\\n\\tmargin-bottom:10px;\\n}\",\"image_position\":\"center-center\",\"padding_bottom\":\"xsmall\",\"padding_top\":\"xsmall\",\"preserve_color\":true,\"style\":\"default\",\"title_breakpoint\":\"xl\",\"title_position\":\"top-left\",\"title_rotation\":\"left\",\"vertical_align\":\"\",\"width\":\"default\"},\"children\":[{\"type\":\"row\",\"children\":[{\"type\":\"column\",\"props\":{\"image_position\":\"center-center\",\"padding\":\"small\",\"position_sticky_breakpoint\":\"m\",\"style\":\"tile-primary\"},\"children\":[{\"type\":\"headline\",\"props\":{\"class\":\"uk-light\",\"content\":\"Servicios e instalaciones\",\"image_align\":\"left\",\"image_margin\":\"xsmall\",\"text_align\":\"center\",\"title_element\":\"h3\",\"title_style\":\"heading-small\"}},{\"type\":\"grid\",\"props\":{\"attributes\":\"uk-height-match=\\\"target: .el-title\\\"\",\"content_column_breakpoint\":\"m\",\"css\":\".el-element > div{\\n\\talign-items: flex-end;\\n}\\n.el-title{\\n\\tfont-weight:100;\\n    font-size:14px;\\n}\\n\",\"filter_align\":\"left\",\"filter_all\":true,\"filter_grid_breakpoint\":\"m\",\"filter_grid_width\":\"auto\",\"filter_position\":\"top\",\"filter_style\":\"tab\",\"grid_column_align\":true,\"grid_column_gap\":\"small\",\"grid_default\":\"3\",\"grid_medium\":\"6\",\"grid_row_align\":true,\"grid_row_gap\":\"small\",\"grid_small\":\"4\",\"image_align\":\"top\",\"image_grid_breakpoint\":\"m\",\"image_grid_width\":\"1-2\",\"image_svg_color\":\"emphasis\",\"image_width\":\"60\",\"item_animation\":true,\"lightbox_bg_close\":true,\"link_style\":\"default\",\"link_text\":\"Read more\",\"margin_bottom\":\"medium\",\"margin_top\":\"medium\",\"meta_align\":\"below-title\",\"meta_element\":\"div\",\"meta_style\":\"text-meta\",\"parallax_easing\":\"1\",\"show_content\":true,\"show_hover_image\":true,\"show_hover_video\":true,\"show_image\":true,\"show_link\":true,\"show_meta\":true,\"show_title\":true,\"show_video\":true,\"text_align\":\"center\",\"title_align\":\"top\",\"title_element\":\"div\",\"title_grid_breakpoint\":\"m\",\"title_grid_width\":\"1-2\",\"title_hover_style\":\"reset\"},\"children\":[{\"type\":\"grid_item\",\"props\":{\"image\":\"wp-content\/uploads\/2022\/02\/servei-recepcio.svg\",\"title\":\"Recepci\u00f3n 24 horas\"}},{\"type\":\"grid_item\",\"props\":{\"image\":\"wp-content\/uploads\/2022\/02\/servei-piscina.svg\",\"title\":\"Zona jardin con dos piscinas\"}},{\"type\":\"grid_item\",\"props\":{\"image\":\"wp-content\/uploads\/2022\/02\/servei-restaurant.svg\",\"title\":\"Restaurante y terraza bar\"}},{\"type\":\"grid_item\",\"props\":{\"image\":\"wp-content\/uploads\/2022\/02\/servei-room-service.svg\",\"title\":\"Room Service\"}},{\"type\":\"grid_item\",\"props\":{\"image\":\"wp-content\/uploads\/2022\/02\/servei-parking.svg\",\"title\":\"Parking\"}},{\"type\":\"grid_item\",\"props\":{\"image\":\"wp-content\/uploads\/2022\/02\/servei-wiffi.svg\",\"title\":\"Wifi gratuito\"}},{\"type\":\"grid_item\",\"props\":{\"image\":\"wp-content\/uploads\/2022\/02\/servei-caixa-forta.svg\",\"title\":\"Caja fuerte\"}},{\"type\":\"grid_item\",\"props\":{\"image\":\"wp-content\/uploads\/2022\/02\/servei-bugaderia.svg\",\"title\":\"Lavander\u00eda expr\u00e9s\"}},{\"type\":\"grid_item\",\"props\":{\"image\":\"wp-content\/uploads\/2022\/02\/servei-rentadores.svg\",\"title\":\"Lavadoras y secadoras\"}},{\"type\":\"grid_item\",\"props\":{\"image\":\"wp-content\/uploads\/2022\/02\/servei-habitacions-adaptades.svg\",\"title\":\"Habitaciones adaptadas\"}},{\"type\":\"grid_item\",\"props\":{\"image\":\"wp-content\/uploads\/2022\/02\/servei-cardioproteccio.svg\",\"title\":\"Entorno cardioprotegido\"}},{\"type\":\"grid_item\",\"props\":{\"image\":\"wp-content\/uploads\/2022\/02\/servei-bikefriendly.svg\",\"title\":\"Alojamiento Bikefriendly\"}}]}]}]}],\"name\":\"Serveis i instalacions\",\"modified\":\"2022-02-17T07:09:58.606Z\"},{\"type\":\"section\",\"props\":{\"css\":\".el-section{\\n\\tmargin-bottom:10px;\\n}\",\"image_position\":\"center-center\",\"padding_bottom\":\"xsmall\",\"padding_top\":\"xsmall\",\"preserve_color\":true,\"style\":\"default\",\"title_breakpoint\":\"xl\",\"title_position\":\"top-left\",\"title_rotation\":\"left\",\"vertical_align\":\"\",\"width\":\"default\"},\"children\":[{\"type\":\"row\",\"children\":[{\"type\":\"column\",\"props\":{\"image_position\":\"center-center\",\"padding\":\"small\",\"position_sticky_breakpoint\":\"m\",\"style\":\"tile-muted\"},\"children\":[{\"type\":\"headline\",\"props\":{\"class\":\"uk-light\",\"content\":\"Preguntas frecuentes\",\"image_align\":\"left\",\"image_margin\":\"xsmall\",\"text_align\":\"center\",\"title_element\":\"h3\",\"title_style\":\"heading-small\"}},{\"type\":\"schema-accordion\",\"props\":{\"class\":\"uk-light\",\"collapsible\":true,\"content_column_breakpoint\":\"m\",\"css\":\".el-title:hover{\\n\\tcursor: pointer;\\n}\\n\\n.el-title{\\n    color: white;\\n}\",\"image_align\":\"top\",\"image_grid_breakpoint\":\"m\",\"image_grid_width\":\"1-2\",\"image_svg_color\":\"emphasis\",\"link_style\":\"default\",\"link_text\":\"Read more\",\"margin_bottom\":\"medium\",\"margin_top\":\"medium\",\"show_image\":true,\"show_link\":true},\"children\":[{\"type\":\"schema-accordion_item\",\"props\":{\"content\":\"Si buscas alquilar en Atenea Park un Aparthotel en Vilanova encontrar\u00e1s la mejor tarifa y ofertas especiales que solo est\u00e1n disponibles en la web oficial. Ahora al reservar directamente disfruta de un descuento del 5 %.\",\"title\":\"\u00bfPor qu\u00e9 reservar el apartamento tur\u00edstico en Vilanova en la web oficial? \u00bfQu\u00e9 ventajas tiene?\"}},{\"type\":\"schema-accordion_item\",\"props\":{\"content\":\"\n\n<p>Atenea park son apartamentos tur\u00edsticos que ofrecen servicios de hotel Vilanova i la Geltr\u00fa: recepci\u00f3n 24 horas, limpieza diaria de habitaci\u00f3n, desayuno buffet, restaurante, etc. Pero con la ventaja de tener una habitaci\u00f3n tipo estudio con cocina y as\u00ed una estancia m\u00e1s polivalente.<\/p>\n\n\\n\n\n<p>Ven a disfrutar de los mejores apartamentos en Vilanova con las ventajas de un apart-hotel con el mejor precio y calidad.<\/p>\n\n\",\"title\":\"\u00bfQu\u00e9 encontrar\u00e9 en Aparthotel Vilanova Atenea Park Suites Apartments?\"}},{\"type\":\"schema-accordion_item\",\"props\":{\"content\":\"\n\n<p>Atenea Park dispone del distintivo de Turismo familiar con lo que es un alojamiento perfecto para familias. En nuestros apartamentos vacacionales para ni\u00f1os en Vilanova i la Geltr\u00fa podr\u00e1s disfrutar con tus hijos de nuestra bonita zona ajardinada y sus piscinas, una de ellas infantil. Tambi\u00e9n disponemos de un parque infantil para los m\u00e1s peque\u00f1os.<\/p>\n\n\\n\n\n<p>Atenea Park apartamentos tur\u00edsticos Vilanova con servicios de hotel incluidos en Vilanova.<\/p>\n\n\",\"title\":\"\u00bfEs Atenea Park un alojamiento en Vilanova id\u00f3neo para familias con ni\u00f1os?\"}},{\"type\":\"schema-accordion_item\",\"props\":{\"content\":\"\n\n<p>S\u00ed, disponemos de cunas, tienen un coste de 12 euros al d\u00eda. Deben solicitarse en el momento de hacer la reserva.<\/p>\n\n\",\"title\":\"\u00bfTienen cunas los apartamentos del Apart-hotel?\"}},{\"type\":\"schema-accordion_item\",\"props\":{\"content\":\"\n\n<p>Disponemos de dos piscinas; una grande para adultos y otra infantil.<\/p>\n\n\\n\n\n<p>Ven a conocer estos apartamentos vacacionales Vilanova.<\/p>\n\n\",\"title\":\"\u00bfCu\u00e1ntas piscinas hay en Atenea Park?\"}},{\"type\":\"schema-accordion_item\",\"props\":{\"content\":\"\n\n<p>En el caso de que no lleves tu propia toalla de piscina, Atenea Park ofrece servicio de alquiler de toallas con un coste de 3,50 euros por toalla.<\/p>\n\n\",\"title\":\"\u00bfTienen toallas de piscina a disposici\u00f3n del cliente?\"}},{\"type\":\"schema-accordion_item\",\"props\":{\"content\":\"En Atenea Park Vilanova i la Geltr\u00fa tiene un gran parking con cargadores para coches el\u00e9ctricos tambi\u00e9n. Podr\u00e1s dejar tu coche y as\u00ed disfrutar de una estancia m\u00e1s confortable. El precio es de 15 euros al d\u00eda y 18 euros d\u00eda para coches el\u00e9ctricos.\",\"title\":\"Viajamos en coche hacia el Apart-hotel Vilanova . \u00bfTienen parking?\"}},{\"type\":\"schema-accordion_item\",\"props\":{\"content\":\"\n\n<p>Es un alojamiento perfecto tanto si viajas por trabajo o por placer.<\/p>\n\n\\n\n\n<p>Atenea Park dispone de apartamentos de alquiler para vacaciones Vilanova que pueden disfrutarse todos los meses del a\u00f1o, tambi\u00e9n para estancias de trabajo.<\/p>\n\n\",\"title\":\"\u00bfAtenea Park es adecuado para estancias de trabajo o es solo para estancias vacacionales?\"}}],\"name\":\"Accordion Faqs Schema\"}]}]}],\"name\":\"FAQs\",\"modified\":\"2022-02-17T07:09:58.606Z\"}],\"version\":\"5.0.25\"} --><\/p>\n","protected":false},"excerpt":{"rendered":"<p>Mejor precio garantizado en la web oficial 5% de descuento Reserva ahora con el mejor precio garantizado Mejor precio garantizado Reserva 100% segura Pago directo en establecimiento Al\u00f3jate junto a la playa muy cerca de Barcelona Atenea Park\u00a0est\u00e1 situado en Vilanova y la Geltr\u00fa, poblaci\u00f3n de la costa de Barcelona muy pr\u00f3xima a Sitges. Se [&hellip;]<\/p>\n","protected":false},"author":1,"featured_media":0,"parent":0,"menu_order":10,"comment_status":"open","ping_status":"closed","template":"","meta":{"_acf_changed":false,"footnotes":""},"class_list":["post-1","page","type-page","status-publish","hentry"],"acf":[],"yoast_head":"<!-- This site is optimized with the Yoast SEO plugin v27.5 - https:\/\/yoast.com\/product\/yoast-seo-wordpress\/ -->\n<title>\u25b7 Apartamentos tur\u00edsticos Vilanova i la Geltr\u00fa (Desde 81\u20ac) | Apart-Hotel Atenea Park<\/title>\n<meta name=\"description\" content=\"\u27a4 Apart-hotel Vilanova i la Geltr\u00fa Atenea Park - Apartamentos vacacionales tur\u00edsticos y tranquilos con piscina. Alojamiento a segunda l\u00ednea de playa \u27a4 938 15 06 38 \u260e\" \/>\n<meta name=\"robots\" content=\"index, follow, max-snippet:-1, max-image-preview:large, max-video-preview:-1\" \/>\n<link rel=\"canonical\" href=\"https:\/\/www.ateneapark.com\/es\" \/>\n<meta property=\"og:locale\" content=\"es_ES\" \/>\n<meta property=\"og:type\" content=\"article\" \/>\n<meta property=\"og:title\" content=\"Atenea Park Suites Apartments | Barcelona | Web Oficial\" \/>\n<meta property=\"og:description\" content=\"Atenea Park est\u00e1 situado en Vilanova y la Geltr\u00fa, poblaci\u00f3n muy pr\u00f3xima a Sitges. Precio m\u00ednimo garantizado. Oferta 5scuento, desayuno y parking gratis.\" \/>\n<meta property=\"og:url\" content=\"https:\/\/www.ateneapark.com\/es\" \/>\n<meta property=\"og:site_name\" content=\"Atenea Park Suites - Apartaments\" \/>\n<meta property=\"article:modified_time\" content=\"2026-03-27T14:35:42+00:00\" \/>\n<meta property=\"og:image\" content=\"https:\/\/www.ateneapark.com\/wp-content\/uploads\/2022\/02\/3.3-galeria.jpg\" \/>\n\t<meta property=\"og:image:width\" content=\"1124\" \/>\n\t<meta property=\"og:image:height\" content=\"750\" \/>\n\t<meta property=\"og:image:type\" content=\"image\/jpeg\" \/>\n<meta name=\"twitter:card\" content=\"summary_large_image\" \/>\n<meta name=\"twitter:title\" content=\"Atenea Park Suites Apartments | Barcelona | Web Oficial\" \/>\n<meta name=\"twitter:description\" content=\"Atenea Park est\u00e1 situado en Vilanova y la Geltr\u00fa, poblaci\u00f3n muy pr\u00f3xima a Sitges. Precio m\u00ednimo garantizado. Oferta 5scuento, desayuno y parking gratis.\" \/>\n<meta name=\"twitter:image\" content=\"https:\/\/www.ateneapark.com\/wp-content\/uploads\/2022\/02\/3.2-galeria.jpg\" \/>\n<meta name=\"twitter:label1\" content=\"Tiempo de lectura\" \/>\n\t<meta name=\"twitter:data1\" content=\"3 minutos\" \/>\n<script type=\"application\/ld+json\" class=\"yoast-schema-graph\">{\"@context\":\"https:\\\/\\\/schema.org\",\"@graph\":[{\"@type\":\"WebPage\",\"@id\":\"https:\\\/\\\/www.ateneapark.com\\\/es\",\"url\":\"https:\\\/\\\/www.ateneapark.com\\\/es\",\"name\":\"\u25b7 Apartamentos tur\u00edsticos Vilanova i la Geltr\u00fa (Desde 81\u20ac) | Apart-Hotel Atenea Park\",\"isPartOf\":{\"@id\":\"https:\\\/\\\/www.ateneapark.com\\\/es\\\/#website\"},\"datePublished\":\"2022-05-16T11:56:54+00:00\",\"dateModified\":\"2026-03-27T14:35:42+00:00\",\"description\":\"\u27a4 Apart-hotel Vilanova i la Geltr\u00fa Atenea Park - Apartamentos vacacionales tur\u00edsticos y tranquilos con piscina. Alojamiento a segunda l\u00ednea de playa \u27a4 938 15 06 38 \u260e\",\"breadcrumb\":{\"@id\":\"https:\\\/\\\/www.ateneapark.com\\\/es#breadcrumb\"},\"inLanguage\":\"es\",\"potentialAction\":[{\"@type\":\"ReadAction\",\"target\":[\"https:\\\/\\\/www.ateneapark.com\\\/es\"]}]},{\"@type\":\"BreadcrumbList\",\"@id\":\"https:\\\/\\\/www.ateneapark.com\\\/es#breadcrumb\",\"itemListElement\":[{\"@type\":\"ListItem\",\"position\":1,\"name\":\"Home\",\"item\":\"https:\\\/\\\/www.ateneapark.com\\\/es\"},{\"@type\":\"ListItem\",\"position\":2,\"name\":\"Atenea Park\"}]},{\"@type\":\"WebSite\",\"@id\":\"https:\\\/\\\/www.ateneapark.com\\\/es\\\/#website\",\"url\":\"https:\\\/\\\/www.ateneapark.com\\\/es\\\/\",\"name\":\"Atenea Park Suites - Apartaments\",\"description\":\"Atenea Park est\u00e1 situado en Vilanova i la Geltr\u00fa, poblaci\u00f3n muy pr\u00f3xima a Sitges. Precio m\u00ednimo garantizado.\",\"publisher\":{\"@id\":\"https:\\\/\\\/www.ateneapark.com\\\/es\\\/#organization\"},\"potentialAction\":[{\"@type\":\"SearchAction\",\"target\":{\"@type\":\"EntryPoint\",\"urlTemplate\":\"https:\\\/\\\/www.ateneapark.com\\\/es\\\/?s={search_term_string}\"},\"query-input\":{\"@type\":\"PropertyValueSpecification\",\"valueRequired\":true,\"valueName\":\"search_term_string\"}}],\"inLanguage\":\"es\"},{\"@type\":\"Organization\",\"@id\":\"https:\\\/\\\/www.ateneapark.com\\\/es\\\/#organization\",\"name\":\"Sanoimels, S.L\",\"url\":\"https:\\\/\\\/www.ateneapark.com\\\/es\\\/\",\"logo\":{\"@type\":\"ImageObject\",\"inLanguage\":\"es\",\"@id\":\"https:\\\/\\\/www.ateneapark.com\\\/es\\\/#\\\/schema\\\/logo\\\/image\\\/\",\"url\":\"https:\\\/\\\/www.ateneapark.com\\\/wp-content\\\/uploads\\\/2022\\\/02\\\/3.2-galeria.jpg\",\"contentUrl\":\"https:\\\/\\\/www.ateneapark.com\\\/wp-content\\\/uploads\\\/2022\\\/02\\\/3.2-galeria.jpg\",\"width\":1124,\"height\":750,\"caption\":\"Sanoimels, S.L\"},\"image\":{\"@id\":\"https:\\\/\\\/www.ateneapark.com\\\/es\\\/#\\\/schema\\\/logo\\\/image\\\/\"}}]}<\/script>\n<!-- \/ Yoast SEO plugin. -->","yoast_head_json":{"title":"\u25b7 Apartamentos tur\u00edsticos Vilanova i la Geltr\u00fa (Desde 81\u20ac) | Apart-Hotel Atenea Park","description":"\u27a4 Apart-hotel Vilanova i la Geltr\u00fa Atenea Park - Apartamentos vacacionales tur\u00edsticos y tranquilos con piscina. Alojamiento a segunda l\u00ednea de playa \u27a4 938 15 06 38 \u260e","robots":{"index":"index","follow":"follow","max-snippet":"max-snippet:-1","max-image-preview":"max-image-preview:large","max-video-preview":"max-video-preview:-1"},"canonical":"https:\/\/www.ateneapark.com\/es","og_locale":"es_ES","og_type":"article","og_title":"Atenea Park Suites Apartments | Barcelona | Web Oficial","og_description":"Atenea Park est\u00e1 situado en Vilanova y la Geltr\u00fa, poblaci\u00f3n muy pr\u00f3xima a Sitges. Precio m\u00ednimo garantizado. Oferta 5scuento, desayuno y parking gratis.","og_url":"https:\/\/www.ateneapark.com\/es","og_site_name":"Atenea Park Suites - Apartaments","article_modified_time":"2026-03-27T14:35:42+00:00","og_image":[{"width":1124,"height":750,"url":"https:\/\/www.ateneapark.com\/wp-content\/uploads\/2022\/02\/3.3-galeria.jpg","type":"image\/jpeg"}],"twitter_card":"summary_large_image","twitter_title":"Atenea Park Suites Apartments | Barcelona | Web Oficial","twitter_description":"Atenea Park est\u00e1 situado en Vilanova y la Geltr\u00fa, poblaci\u00f3n muy pr\u00f3xima a Sitges. Precio m\u00ednimo garantizado. Oferta 5scuento, desayuno y parking gratis.","twitter_image":"https:\/\/www.ateneapark.com\/wp-content\/uploads\/2022\/02\/3.2-galeria.jpg","twitter_misc":{"Tiempo de lectura":"3 minutos"},"schema":{"@context":"https:\/\/schema.org","@graph":[{"@type":"WebPage","@id":"https:\/\/www.ateneapark.com\/es","url":"https:\/\/www.ateneapark.com\/es","name":"\u25b7 Apartamentos tur\u00edsticos Vilanova i la Geltr\u00fa (Desde 81\u20ac) | Apart-Hotel Atenea Park","isPartOf":{"@id":"https:\/\/www.ateneapark.com\/es\/#website"},"datePublished":"2022-05-16T11:56:54+00:00","dateModified":"2026-03-27T14:35:42+00:00","description":"\u27a4 Apart-hotel Vilanova i la Geltr\u00fa Atenea Park - Apartamentos vacacionales tur\u00edsticos y tranquilos con piscina. Alojamiento a segunda l\u00ednea de playa \u27a4 938 15 06 38 \u260e","breadcrumb":{"@id":"https:\/\/www.ateneapark.com\/es#breadcrumb"},"inLanguage":"es","potentialAction":[{"@type":"ReadAction","target":["https:\/\/www.ateneapark.com\/es"]}]},{"@type":"BreadcrumbList","@id":"https:\/\/www.ateneapark.com\/es#breadcrumb","itemListElement":[{"@type":"ListItem","position":1,"name":"Home","item":"https:\/\/www.ateneapark.com\/es"},{"@type":"ListItem","position":2,"name":"Atenea Park"}]},{"@type":"WebSite","@id":"https:\/\/www.ateneapark.com\/es\/#website","url":"https:\/\/www.ateneapark.com\/es\/","name":"Atenea Park Suites - Apartaments","description":"Atenea Park est\u00e1 situado en Vilanova i la Geltr\u00fa, poblaci\u00f3n muy pr\u00f3xima a Sitges. Precio m\u00ednimo garantizado.","publisher":{"@id":"https:\/\/www.ateneapark.com\/es\/#organization"},"potentialAction":[{"@type":"SearchAction","target":{"@type":"EntryPoint","urlTemplate":"https:\/\/www.ateneapark.com\/es\/?s={search_term_string}"},"query-input":{"@type":"PropertyValueSpecification","valueRequired":true,"valueName":"search_term_string"}}],"inLanguage":"es"},{"@type":"Organization","@id":"https:\/\/www.ateneapark.com\/es\/#organization","name":"Sanoimels, S.L","url":"https:\/\/www.ateneapark.com\/es\/","logo":{"@type":"ImageObject","inLanguage":"es","@id":"https:\/\/www.ateneapark.com\/es\/#\/schema\/logo\/image\/","url":"https:\/\/www.ateneapark.com\/wp-content\/uploads\/2022\/02\/3.2-galeria.jpg","contentUrl":"https:\/\/www.ateneapark.com\/wp-content\/uploads\/2022\/02\/3.2-galeria.jpg","width":1124,"height":750,"caption":"Sanoimels, S.L"},"image":{"@id":"https:\/\/www.ateneapark.com\/es\/#\/schema\/logo\/image\/"}}]}},"_links":{"self":[{"href":"https:\/\/www.ateneapark.com\/es\/wp-json\/wp\/v2\/pages\/1","targetHints":{"allow":["GET"]}}],"collection":[{"href":"https:\/\/www.ateneapark.com\/es\/wp-json\/wp\/v2\/pages"}],"about":[{"href":"https:\/\/www.ateneapark.com\/es\/wp-json\/wp\/v2\/types\/page"}],"author":[{"embeddable":true,"href":"https:\/\/www.ateneapark.com\/es\/wp-json\/wp\/v2\/users\/1"}],"replies":[{"embeddable":true,"href":"https:\/\/www.ateneapark.com\/es\/wp-json\/wp\/v2\/comments?post=1"}],"version-history":[{"count":8,"href":"https:\/\/www.ateneapark.com\/es\/wp-json\/wp\/v2\/pages\/1\/revisions"}],"predecessor-version":[{"id":7189,"href":"https:\/\/www.ateneapark.com\/es\/wp-json\/wp\/v2\/pages\/1\/revisions\/7189"}],"wp:attachment":[{"href":"https:\/\/www.ateneapark.com\/es\/wp-json\/wp\/v2\/media?parent=1"}],"curies":[{"name":"wp","href":"https:\/\/api.w.org\/{rel}","templated":true}]}}