{"id":4308,"date":"2022-02-18T09:12:52","date_gmt":"2022-02-18T09:12:52","guid":{"rendered":"http:\/\/www.ateneapark.com\/condiciones-de-reserva\/"},"modified":"2022-03-01T16:27:44","modified_gmt":"2022-03-01T15:27:44","slug":"condicions-de-reserva","status":"publish","type":"page","link":"https:\/\/www.ateneapark.com\/ca\/condicions-de-reserva","title":{"rendered":"Condicions de reserva"},"content":{"rendered":"\n<p><strong>Tractament de Dades Personals<\/strong><\/p>\n\n\n\n<p>D&#8217;acord amb el que preveu la Llei 15\/1999, de 13 de desembre, sobre Protecci\u00f3 de Dades de Car\u00e0cter Personal, l&#8217;usuari accepta que les dades personals aportades en el moment de la seva reserva siguin incorporades a un fitxer titularitat de <strong>@@ empresa @ @,<\/strong> d&#8217;ara endavant <strong>l&#8217;empresa,<\/strong> amb <strong>@@ cif @@<\/strong> i domicili social en <strong>@@ direcci\u00f3 @@,<\/strong> per a la gesti\u00f3 del sistema de reserves, la tramitaci\u00f3 de la seva sol\u00b7licitud, el control i la gesti\u00f3 de la relaci\u00f3 amb els usuaris de la web que tramiten reserves, aix\u00ed com per a la realitzaci\u00f3 d&#8217;estudis estad\u00edstics dels usuaris registrats en l&#8217;esmentada web que permetin dissenyar millores en els serveis prestats. Tots els camps dels formularis assenyalats com a obligatoris han de ser necess\u00e0riament emplenats per a la correcta tramitaci\u00f3 de les seves sol\u00b7licituds. Les dades personals que facilita, nom\u00e9s seran comunicades a tercers en compliment d&#8217;obligacions legals o amb el seu previ consentiment. L&#8217;usuari consent expressament que les dades banc\u00e0ries proporcionades siguin utilitzats per atendre les possibles penalitzacions davant cancel\u00b7lacions o no presentaci\u00f3 fixats en les condicions de la tarifa. La tramitaci\u00f3 de les seves reserves implica necess\u00e0riament el tractament abans assenyalat, pel que no es podr\u00e0 dur a terme el proc\u00e9s en cas d&#8217;oposici\u00f3 a aquest. Vost\u00e8 pot, en qualsevol moment, exercir els seus drets d&#8217;acc\u00e9s, rectificaci\u00f3, cancel\u00b7laci\u00f3 o oposici\u00f3 segons m\u00e9s baix s&#8217;indica.<\/p>\n\n\n\n<p><strong>Veracitat de les dades<\/strong><\/p>\n\n\n\n<p>L&#8217;usuari respondr\u00e0, en qualsevol cas, de la veracitat de les dades facilitades, reservant-se <strong>l&#8217;empresa<\/strong> el dret a excloure dels serveis registrats a tot usuari que hagi facilitat dades falses, sense perjudici de les altres accions que procedeixin en Dret. Aix\u00ed mateix, l&#8217;usuari ha de ser prou habilitat per facilitar dades de terceres persones. Nom\u00e9s si compta amb el consentiment dels futurs hostes de l&#8217;hotel, l&#8217;usuari podr\u00e0 consignar els seus noms i cognoms a l&#8217;apartat Distribuci\u00f3 d&#8217;habitacions. Aquesta informaci\u00f3, que permetr\u00e0 a l&#8217;Hotel escollit procurar-li un millor servei als seus hostes, \u00e9s opcional, per la qual cosa, la seva consignaci\u00f3 per l&#8217;usuari, implica, sota la seva exclusiva responsabilitat, l&#8217;assumpci\u00f3 del deure d&#8217;informar a aquells de l&#8217;contingut de la nostra Pol\u00edtica de privacitat amb car\u00e0cter previ a l&#8217;oferiment de la informaci\u00f3 personal.<\/p>\n\n\n\n<p><strong>Tractament de dades en la navegaci\u00f3<\/strong><\/p>\n\n\n\n<p>De conformitat amb l&#8217;obligaci\u00f3 prevista en l&#8217;art. 22.2 de la Llei 34\/2002, de 11 de juliol, de serveis de la societat d&#8217;informaci\u00f3 i comer\u00e7 electr\u00f2nic, s&#8217;informa que <strong>l&#8217;empresa<\/strong> utilitza cookies. Una galeta \u00e9s un fragment d&#8217;informaci\u00f3 de text que les webs transfereixen al disc dur dels equips que es connecten a elles. Utilitzem cookies de sessi\u00f3 per identificar l&#8217;usuari i mantenir el seu estat d&#8217;identificaci\u00f3. Les galetes de sessi\u00f3 s&#8217;esborren autom\u00e0ticament del disc dur quan finalitza la sessi\u00f3. Tamb\u00e9 utilitzem galetes per recopilar estad\u00edstiques an\u00f2nimes i conjuntes que ens permetin analitzar la forma en qu\u00e8 els usuaris utilitzen la nostra web, amb la finalitat de millorar-la. Nom\u00e9s s&#8217;obt\u00e9 i es conserva la seg\u00fcent informaci\u00f3 sobre els visitants del nostre web:<\/p>\n\n\n\n<ul class=\"wp-block-list\"><li>a) El nom de domini del prove\u00efdor (PSI) i \/ o adre\u00e7a IP que els d\u00f3na acc\u00e9s a la xarxa. Per exemple, un usuari del prove\u00efdor xxx nom\u00e9s estar\u00e0 identificat amb el domini xxx.es i \/ o l&#8217;adre\u00e7a IP. D&#8217;aquesta manera podem elaborar estad\u00edstiques sobre els pa\u00efsos i servidors que visiten m\u00e9s sovint el nostre web.<\/li><li>b) La data i hora d&#8217;acc\u00e9s al nostre web. Aix\u00f2 ens permet esbrinar les hores de m\u00e9s aflu\u00e8ncia, i fer els ajustaments precisos per a evitar problemes de saturaci\u00f3 a les hores punta.<\/li><li>c) L&#8217;adre\u00e7a d&#8217;Internet des de la qual va partir el link que dirigeix al nostre web. Gr\u00e0cies a aquesta dada, podem con\u00e8ixer l&#8217;efectivitat dels diferents banners i enlla\u00e7os que apunten al nostre servidor, per tal de potenciar els que ofereixin millors resultats.<\/li><li>d) El nombre de visitants diaris de cada secci\u00f3. Aix\u00f2 ens permet con\u00e8ixer les \u00e0rees de m\u00e9s \u00e8xit i augmentar i millorar el seu contingut, amb la finalitat que els usuaris obtinguin un resultat m\u00e9s satisfactori.<\/li><\/ul>\n\n\n\n<p>A nosaltres ens permetr\u00e0 obtenir la seg\u00fcent informaci\u00f3:<\/p>\n\n\n\n<ul class=\"wp-block-list\"><li>a) La data i hora de l&#8217;\u00faltima vegada que l&#8217;usuari va visitar el nostre web.<\/li><li>b) El disseny de continguts que l&#8217;usuari va escollir en la seva visita a la nostra web.<\/li><li>c) Elements de seguretat que intervenen en el control d&#8217;acc\u00e9s a les \u00e0rees restringides.<\/li><\/ul>\n\n\n\n<p>Si b\u00e9 la informaci\u00f3 obtinguda \u00e9s, en principi, totalment an\u00f2nima, atenent a l&#8217;Informe 327\/2003 de l&#8217;Ag\u00e8ncia Espanyola de Protecci\u00f3 de Dades, se&#8217;ls informa als usuaris que les dades abans relacionats seran incorporades a un fitxer de dades de car\u00e0cter personal de <strong>l&#8217;empresa<\/strong> per a les finalitats abans detallades, podent l&#8217;usuari exercitar els seus drets d&#8217;acc\u00e9s, rectificaci\u00f3, cancel\u00b7laci\u00f3 i oposici\u00f3 segons m\u00e9s baix s&#8217;indica.<\/p>\n\n\n\n<p>Fem servir igualment l&#8217;eina de rem\u00e0rqueting de Google Adwords. Aquesta eina permet publicar a la Xarxa de contingut de Google Adwords (m\u00e9s detalls sobre la xarxa de contingut de Google aqu\u00ed: https:\/\/support.google.com\/adwords\/answer\/2404190), anuncis basats en visites anteriors d&#8217;usuaris a la nostra web. Per a aix\u00f2, algunes de les p\u00e0gines de la nostra web inclouen un codi anomenat &#8220;etiqueta de rem\u00e0rqueting&#8221;. Aquestes etiquetes permeten llegir i configurar les cookies del seu navegador per tal de determinar el tipus d&#8217;anunci concret que se li mostrar\u00e0 a l&#8217;usuari, en funci\u00f3 d&#8217;elements relacionats amb la seva visita a la nostra web, com per exemple, el circuit de navegaci\u00f3 escollit, les p\u00e0gines concretes visitades o les accions que en les mateixes s&#8217;hagin realitzat. Les llistes de rem\u00e0rqueting aix\u00ed creades es guarden en una base de dades dels servidors de Google, on s&#8217;emmagatzemen tots els ID de galeta associats a cada llista o categoria d&#8217;interessos. La informaci\u00f3 obtinguda nom\u00e9s permet identificar un navegador concret, no podent Google identificar a l&#8217;usuari concret \u00fanicament amb aquesta informaci\u00f3 (m\u00e9s informaci\u00f3 sobre l&#8217;eina de Remarketing en el seg\u00fcent enlla\u00e7: https:\/\/www.google.es\/adwords)<\/p>\n\n\n\n<p>Pel que fa a <strong>l&#8217;empresa,<\/strong> aquesta informaci\u00f3 nom\u00e9s podr\u00e0 ser associada a un usuari concret en cas que aquest usuari estigui identificat a la web, per exemple per haver finalitzat aquest un proc\u00e9s de reserva. En aquest cas les dades aix\u00ed obtingudes seran comunicats a <strong>l&#8217;empresa<\/strong> per a fins de prospecci\u00f3 comercial i de segmentaci\u00f3 dels usuaris del web per dissenyar campanyes comercials d&#8217;acord als inter\u00e8s mostrats durant la navegaci\u00f3, incorporant les dades a un fitxer de l&#8217;esmentada entitat per a les finalitats assenyalades. Per oposar-se al tractament i la comunicaci\u00f3 abans assenyalats, l&#8217;usuari t\u00e9 la possibilitat de deshabilitar les galetes, segons a continuaci\u00f3 s&#8217;assenyala:<\/p>\n\n\n\n<p>L&#8217;usuari t\u00e9 l&#8217;opci\u00f3 de no rebre galetes o de ser informat sobre la seva fixaci\u00f3 mitjan\u00e7ant la configuraci\u00f3 del seu navegador a aquest efecte. No obstant aix\u00f2, en cas de desactivar les cookies, \u00e9s possible que no pugui fer \u00fas de totes les funcionalitats del web. Pel que fa a les galetes de rem\u00e0rqueting, l&#8217;usuari pot desactivar l&#8217;\u00fas de cookies de Google, visitant la p\u00e0gina d&#8217;inhabilitaci\u00f3 de publicitat de Google. Tamb\u00e9 pot desactivar les cookies DoubleClick, visitant la p\u00e0gina d&#8217;inhabilitaci\u00f3 de DoubleClick (en angl\u00e8s). Per desactivar l&#8217;\u00fas de cookies de tercers, els usuaris poden igualment visitar la p\u00e0gina d&#8217;inhabilitaci\u00f3 de la Iniciativa publicit\u00e0ria de la xarxa NAI, Network Advertising Initiative (en angl\u00e8s). En qualsevol moment l&#8217;usuari podr\u00e0 exercitar els seus drets d&#8217;acc\u00e9s, rectificaci\u00f3, cancel\u00b7laci\u00f3 i oposici\u00f3 segons m\u00e9s baix s&#8217;indica.<\/p>\n\n\n\n<p><strong>Fitxer amb finalitats publicit\u00e0ries<\/strong><\/p>\n\n\n\n<p>Si l&#8217;usuari vol rebre informaci\u00f3 sobre promocions del <strong>l&#8217;empresa<\/strong> pot autoritzar la cessi\u00f3 de les seves dades a aquests efectes simplement acceptant aquestes Condicions de Reserva. Si, per contra, no desitja rebre informaci\u00f3 referent a aix\u00f2 haur\u00e0 d&#8217;accionar expressament la casella d&#8217;exclusi\u00f3. Nom\u00e9s quan hi hagi consentiment per a aix\u00f2, les dades personals necess\u00e0ries per a la comunicaci\u00f3 seran cedides a Sanoimels SL i serviran per mantenir-lo informat, b\u00e9 per correu electr\u00f2nic, b\u00e9 per qualsevol altre mitj\u00e0, de novetats, productes i serveis relacionats amb <strong>l&#8217;empresa<\/strong> des d&#8217;aquest moment se li informa que, si aix\u00ed ha manifestat que \u00e9s aquesta la seva voluntat, les seves dades personals s&#8217;incorporaran a un fitxer amb dades de car\u00e0cter personal del qual \u00e9s responsable <strong>l&#8217;empresa,<\/strong> podent l&#8217;usuari accedir, cancel\u00b7lar, rectificar les seves dades o oposar-se al seu tractament mitjan\u00e7ant un escrit dirigit a <strong>l&#8217;empresa<\/strong> segons m\u00e9s baix s&#8217;indica.<\/p>\n\n\n\n<p><strong>drets<\/strong><\/p>\n\n\n\n<p>Els drets d&#8217;acc\u00e9s, rectificaci\u00f3, cancel\u00b7laci\u00f3 i oposici\u00f3 podran exercitar-se mitjan\u00e7ant escrit acompanyat d&#8217;una c\u00f2pia del seu DNI adre\u00e7at al responsable del fitxer que correspongui en la direcci\u00f3 que m\u00e9s baix s&#8217;indica:<\/p>\n\n\n\n<p><strong><strong>\u2013 Sanoimels, S.L | CIF B63015143 | C\/ Roger de Ll\u00faria, 7, 1\u00ba A 08010 Barcelona<\/strong><\/strong><\/p>\n\n\n\n<p><strong>Responsabilitat de l&#8217;hotel<\/strong><\/p>\n\n\n\n<p>L&#8217;acc\u00e9s a la p\u00e0gina no suposa en cap cas l&#8217;exist\u00e8ncia d&#8217;una relaci\u00f3 contractual entre l&#8217;usuari i <strong>l&#8217;empresa.<\/strong> El portal \u00fanicament subministra informaci\u00f3 sobre les places hoteleres vacants en el moment de sol\u00b7licitar l&#8217;esmentada informaci\u00f3, per la qual cosa si vost\u00e8 fa la reserva on-line, est\u00e0 contractant directament amb l&#8217;hotel i no amb el portal. La versi\u00f3 impresa de la reserva efectuada serveix de localitzador quan acudeixi a l&#8217;hotel.<\/p>\n\n\n\n<p>La reserva de nits d&#8217;hotel en aquest lloc web implica l&#8217;adhesi\u00f3 i acceptaci\u00f3 per part del client de totes i cadascuna de les condicions generals aqu\u00ed exposades.<\/p>\n\n\n\n<p>Mitjan\u00e7ant l&#8217;acceptaci\u00f3 de les seg\u00fcents cl\u00e0usules, vost\u00e8 declara i accepta:<\/p>\n\n\n\n<ul class=\"wp-block-list\"><li>1) Ser major d&#8217;edat i disposar de plena capacitat per efectuar la reserva, manifestant que ent\u00e9n i compr\u00e8n la totalitat de les condicions que es troben a la p\u00e0gina web.<\/li><li>2) Que les dades subministrades quan efectua la reserva on-line s\u00f3n veritables, completes i concisos.<\/li><li>3) \u00danicament es troben compreses en la web aquelles p\u00e0gines que figuren dins el mapa web.<\/li><li>4) Que l&#8217;acc\u00e9s a aquesta p\u00e0gina web \u00e9s responsabilitat de l&#8217;usuari<\/li><li>5) Que un cop feta la reserva es procedir\u00e0 a l&#8217;arxiu del document electr\u00f2nic en qu\u00e8 s&#8217;ha formalitzat, vost\u00e8 podr\u00e0 accedir-hi en qualsevol moment.<\/li><li>6) Que confirma la reserva feta, \u00e9s a dir, les dates indicades, el nombre d&#8217;habitacions, de persones i l&#8217;Hotel escollit.<\/li><li>7) Les condicions i preu de la reserva efectuada, s\u00f3n els que es determinen expressament en les condicions de la tarifa incloses expressament en la p\u00e0gina que vost\u00e8 fa la reserva.<\/li><li>8) Pel que fa a la relaci\u00f3 amb el portal, aquest li d\u00f3na la possibilitat de reservar habitacions de l&#8217;hotel escollit a trav\u00e9s de la seva p\u00e0gina web, per\u00f2 no ofereix cap tipus de prestaci\u00f3 hotelera sota la seva responsabilitat.<\/li><li>9) Que les dades de la seva targeta es recullen a efectes de garantir la reserva. El pagament de la mateixa es far\u00e0 en efectiu a l&#8217;Hotel escollit i nom\u00e9s en el cas de cancel\u00b7lacions o inconparecencias (no shows), es procedir\u00e0 a l&#8217;anul\u00b7laci\u00f3 de la reserva i se li efectuar\u00e0 el c\u00e0rrec fixat en les condicions de la tarifa.<\/li><li>10) Les ofertes nom\u00e9s seran v\u00e0lides durant el temps que romanguin accessibles als destinataris del servei.<\/li><\/ul>\n\n\n\n<p><strong>preus<\/strong><\/p>\n\n\n\n<p>Els preus que s&#8217;indiquen s\u00f3n Preus Venda al P\u00fablic IVA incl\u00f2s.<\/p>\n\n\n\n<p>El preu inclou: Preu per nit en funci\u00f3 del tipus d&#8217;habitaci\u00f3 i r\u00e8gim seleccionats, a excepci\u00f3 dels hotels en qu\u00e8 s&#8217;indiqui espec\u00edficament la inclusi\u00f3 d&#8217;altres serveis.<\/p>\n\n\n\n<p>El preu no inclou: Qualsevol servei no especificat a m\u00e9s d&#8217;extres com ara trasllats, propines, trucades telef\u00f2niques, serveis de bugaderia, minibar, p\u00e0rquing, etc &#8230;<\/p>\n\n\n\n<p>Hora d&#8217;entrada (check-in) i de sortida (check-out): Com a norma general i llevat que expressament es pacti una altra cosa amb l&#8217;establiment, les habitacions podran ser utilitzades a partir de les 14 hores del dia d&#8217;arribada i hauran de quedar lliures a les 12 hores del dia de sortida.<\/p>\n\n\n\n<p><strong>Passaports i visats<\/strong><\/p>\n\n\n\n<p>Tots els viatgers, sense excepci\u00f3 (nens inclosos), han de portar en regla la seva documentaci\u00f3 personal i familiar corresponent, sigui el passaport o DNI, segons la legislaci\u00f3 vigent. Ser\u00e0 per compte dels mateixos quan els viatges aix\u00ed ho requereixin l&#8217;obtenci\u00f3 de visats, passaports, certificats de vacunaci\u00f3, etc. Els menors de 18 anys han de portar un perm\u00eds escrit signat pels seus pares o tutors, en previsi\u00f3 que el mateix pugui ser sol\u00b7licitat per qualsevol autoritat. En cas de ser rebutjada per alguna autoritat la concessi\u00f3 de visats, per causes particulars de l&#8217;usuari, o ser denegada la seva entrada al pa\u00eds per no tindre els requisits que s&#8217;exigeixen, o per defecte en la documentaci\u00f3 exigida, o per no ser portador de la mateixa, l&#8217;hotel declina tota responsabilitat per fets d&#8217;aquesta \u00edndole, sent per compte del consumidor qualsevol despesa que s&#8217;origini, aplicant-se en aquestes circumst\u00e0ncies les condicions i normes establertes per al sup\u00f2sit de no-show.<\/p>\n","protected":false},"excerpt":{"rendered":"<p>Tractament de Dades Personals D&#8217;acord amb el que preveu la Llei 15\/1999, de 13 de desembre, sobre Protecci\u00f3 de Dades de Car\u00e0cter Personal, l&#8217;usuari accepta que les dades personals aportades en el moment de la seva reserva siguin incorporades a un fitxer titularitat de @@ empresa @ @, d&#8217;ara endavant l&#8217;empresa, amb @@ cif @@ [&hellip;]<\/p>\n","protected":false},"author":1,"featured_media":0,"parent":0,"menu_order":0,"comment_status":"closed","ping_status":"closed","template":"","meta":{"_acf_changed":false,"footnotes":""},"class_list":["post-4308","page","type-page","status-publish","hentry"],"acf":[],"yoast_head":"<!-- This site is optimized with the Yoast SEO plugin v27.5 - https:\/\/yoast.com\/product\/yoast-seo-wordpress\/ -->\n<title>Condicions de reserva | Atenea Park \u2013 Suites Apartaments<\/title>\n<meta name=\"robots\" content=\"index, follow, max-snippet:-1, max-image-preview:large, max-video-preview:-1\" \/>\n<link rel=\"canonical\" href=\"https:\/\/www.ateneapark.com\/ca\/condicions-de-reserva\" \/>\n<meta property=\"og:locale\" content=\"ca_ES\" \/>\n<meta property=\"og:type\" content=\"article\" \/>\n<meta property=\"og:title\" content=\"Condicions de reserva | Atenea Park \u2013 Suites Apartaments\" \/>\n<meta property=\"og:description\" content=\"Tractament de Dades Personals D&#8217;acord amb el que preveu la Llei 15\/1999, de 13 de desembre, sobre Protecci\u00f3 de Dades de Car\u00e0cter Personal, l&#8217;usuari accepta que les dades personals aportades en el moment de la seva reserva siguin incorporades a un fitxer titularitat de @@ empresa @ @, d&#8217;ara endavant l&#8217;empresa, amb @@ cif @@ [&hellip;]\" \/>\n<meta property=\"og:url\" content=\"https:\/\/www.ateneapark.com\/ca\/condicions-de-reserva\" \/>\n<meta property=\"og:site_name\" content=\"Atenea Park \u2013 Suites Apartaments\" \/>\n<meta property=\"article:modified_time\" content=\"2022-03-01T15:27:44+00:00\" \/>\n<meta property=\"og:image\" content=\"https:\/\/www.ateneapark.com\/wp-content\/uploads\/2022\/02\/3.2-galeria.jpg\" \/>\n\t<meta property=\"og:image:width\" content=\"1124\" \/>\n\t<meta property=\"og:image:height\" content=\"750\" \/>\n\t<meta property=\"og:image:type\" content=\"image\/jpeg\" \/>\n<meta name=\"twitter:card\" content=\"summary_large_image\" \/>\n<meta name=\"twitter:label1\" content=\"Temps estimat de lectura\" \/>\n\t<meta name=\"twitter:data1\" content=\"10 minuts\" \/>\n<script type=\"application\/ld+json\" class=\"yoast-schema-graph\">{\"@context\":\"https:\\\/\\\/schema.org\",\"@graph\":[{\"@type\":\"WebPage\",\"@id\":\"https:\\\/\\\/www.ateneapark.com\\\/ca\\\/condicions-de-reserva\",\"url\":\"https:\\\/\\\/www.ateneapark.com\\\/ca\\\/condicions-de-reserva\",\"name\":\"Condicions de reserva | Atenea Park \u2013 Suites Apartaments\",\"isPartOf\":{\"@id\":\"https:\\\/\\\/www.ateneapark.com\\\/ca#website\"},\"datePublished\":\"2022-02-18T09:12:52+00:00\",\"dateModified\":\"2022-03-01T15:27:44+00:00\",\"breadcrumb\":{\"@id\":\"https:\\\/\\\/www.ateneapark.com\\\/ca\\\/condicions-de-reserva#breadcrumb\"},\"inLanguage\":\"ca\",\"potentialAction\":[{\"@type\":\"ReadAction\",\"target\":[\"https:\\\/\\\/www.ateneapark.com\\\/ca\\\/condicions-de-reserva\"]}]},{\"@type\":\"BreadcrumbList\",\"@id\":\"https:\\\/\\\/www.ateneapark.com\\\/ca\\\/condicions-de-reserva#breadcrumb\",\"itemListElement\":[{\"@type\":\"ListItem\",\"position\":1,\"name\":\"Home\",\"item\":\"https:\\\/\\\/www.ateneapark.com\\\/ca\"},{\"@type\":\"ListItem\",\"position\":2,\"name\":\"Condicions de reserva\"}]},{\"@type\":\"WebSite\",\"@id\":\"https:\\\/\\\/www.ateneapark.com\\\/ca#website\",\"url\":\"https:\\\/\\\/www.ateneapark.com\\\/ca\",\"name\":\"Atenea Park \u2013 Suites Apartaments\",\"description\":\"Atenea Park est\u00e1 situado en Vilanova y la Geltr\u00fa, poblaci\u00f3n muy pr\u00f3xima a Sitges. Precio m\u00ednimo garantizado. Oferta 5%descuento, desayuno y parking gratis.\",\"publisher\":{\"@id\":\"https:\\\/\\\/www.ateneapark.com\\\/ca#organization\"},\"potentialAction\":[{\"@type\":\"SearchAction\",\"target\":{\"@type\":\"EntryPoint\",\"urlTemplate\":\"https:\\\/\\\/www.ateneapark.com\\\/ca?s={search_term_string}\"},\"query-input\":{\"@type\":\"PropertyValueSpecification\",\"valueRequired\":true,\"valueName\":\"search_term_string\"}}],\"inLanguage\":\"ca\"},{\"@type\":\"Organization\",\"@id\":\"https:\\\/\\\/www.ateneapark.com\\\/ca#organization\",\"name\":\"Sanoimels, S.L\",\"url\":\"https:\\\/\\\/www.ateneapark.com\\\/ca\",\"logo\":{\"@type\":\"ImageObject\",\"inLanguage\":\"ca\",\"@id\":\"https:\\\/\\\/www.ateneapark.com\\\/ca#\\\/schema\\\/logo\\\/image\\\/\",\"url\":\"https:\\\/\\\/www.ateneapark.com\\\/wp-content\\\/uploads\\\/2022\\\/02\\\/3.2-galeria.jpg\",\"contentUrl\":\"https:\\\/\\\/www.ateneapark.com\\\/wp-content\\\/uploads\\\/2022\\\/02\\\/3.2-galeria.jpg\",\"width\":1124,\"height\":750,\"caption\":\"Sanoimels, S.L\"},\"image\":{\"@id\":\"https:\\\/\\\/www.ateneapark.com\\\/ca#\\\/schema\\\/logo\\\/image\\\/\"}}]}<\/script>\n<!-- \/ Yoast SEO plugin. -->","yoast_head_json":{"title":"Condicions de reserva | Atenea Park \u2013 Suites Apartaments","robots":{"index":"index","follow":"follow","max-snippet":"max-snippet:-1","max-image-preview":"max-image-preview:large","max-video-preview":"max-video-preview:-1"},"canonical":"https:\/\/www.ateneapark.com\/ca\/condicions-de-reserva","og_locale":"ca_ES","og_type":"article","og_title":"Condicions de reserva | Atenea Park \u2013 Suites Apartaments","og_description":"Tractament de Dades Personals D&#8217;acord amb el que preveu la Llei 15\/1999, de 13 de desembre, sobre Protecci\u00f3 de Dades de Car\u00e0cter Personal, l&#8217;usuari accepta que les dades personals aportades en el moment de la seva reserva siguin incorporades a un fitxer titularitat de @@ empresa @ @, d&#8217;ara endavant l&#8217;empresa, amb @@ cif @@ [&hellip;]","og_url":"https:\/\/www.ateneapark.com\/ca\/condicions-de-reserva","og_site_name":"Atenea Park \u2013 Suites Apartaments","article_modified_time":"2022-03-01T15:27:44+00:00","og_image":[{"width":1124,"height":750,"url":"https:\/\/www.ateneapark.com\/wp-content\/uploads\/2022\/02\/3.2-galeria.jpg","type":"image\/jpeg"}],"twitter_card":"summary_large_image","twitter_misc":{"Temps estimat de lectura":"10 minuts"},"schema":{"@context":"https:\/\/schema.org","@graph":[{"@type":"WebPage","@id":"https:\/\/www.ateneapark.com\/ca\/condicions-de-reserva","url":"https:\/\/www.ateneapark.com\/ca\/condicions-de-reserva","name":"Condicions de reserva | Atenea Park \u2013 Suites Apartaments","isPartOf":{"@id":"https:\/\/www.ateneapark.com\/ca#website"},"datePublished":"2022-02-18T09:12:52+00:00","dateModified":"2022-03-01T15:27:44+00:00","breadcrumb":{"@id":"https:\/\/www.ateneapark.com\/ca\/condicions-de-reserva#breadcrumb"},"inLanguage":"ca","potentialAction":[{"@type":"ReadAction","target":["https:\/\/www.ateneapark.com\/ca\/condicions-de-reserva"]}]},{"@type":"BreadcrumbList","@id":"https:\/\/www.ateneapark.com\/ca\/condicions-de-reserva#breadcrumb","itemListElement":[{"@type":"ListItem","position":1,"name":"Home","item":"https:\/\/www.ateneapark.com\/ca"},{"@type":"ListItem","position":2,"name":"Condicions de reserva"}]},{"@type":"WebSite","@id":"https:\/\/www.ateneapark.com\/ca#website","url":"https:\/\/www.ateneapark.com\/ca","name":"Atenea Park \u2013 Suites Apartaments","description":"Atenea Park est\u00e1 situado en Vilanova y la Geltr\u00fa, poblaci\u00f3n muy pr\u00f3xima a Sitges. Precio m\u00ednimo garantizado. Oferta 5%descuento, desayuno y parking gratis.","publisher":{"@id":"https:\/\/www.ateneapark.com\/ca#organization"},"potentialAction":[{"@type":"SearchAction","target":{"@type":"EntryPoint","urlTemplate":"https:\/\/www.ateneapark.com\/ca?s={search_term_string}"},"query-input":{"@type":"PropertyValueSpecification","valueRequired":true,"valueName":"search_term_string"}}],"inLanguage":"ca"},{"@type":"Organization","@id":"https:\/\/www.ateneapark.com\/ca#organization","name":"Sanoimels, S.L","url":"https:\/\/www.ateneapark.com\/ca","logo":{"@type":"ImageObject","inLanguage":"ca","@id":"https:\/\/www.ateneapark.com\/ca#\/schema\/logo\/image\/","url":"https:\/\/www.ateneapark.com\/wp-content\/uploads\/2022\/02\/3.2-galeria.jpg","contentUrl":"https:\/\/www.ateneapark.com\/wp-content\/uploads\/2022\/02\/3.2-galeria.jpg","width":1124,"height":750,"caption":"Sanoimels, S.L"},"image":{"@id":"https:\/\/www.ateneapark.com\/ca#\/schema\/logo\/image\/"}}]}},"_links":{"self":[{"href":"https:\/\/www.ateneapark.com\/ca\/wp-json\/wp\/v2\/pages\/4308","targetHints":{"allow":["GET"]}}],"collection":[{"href":"https:\/\/www.ateneapark.com\/ca\/wp-json\/wp\/v2\/pages"}],"about":[{"href":"https:\/\/www.ateneapark.com\/ca\/wp-json\/wp\/v2\/types\/page"}],"author":[{"embeddable":true,"href":"https:\/\/www.ateneapark.com\/ca\/wp-json\/wp\/v2\/users\/1"}],"replies":[{"embeddable":true,"href":"https:\/\/www.ateneapark.com\/ca\/wp-json\/wp\/v2\/comments?post=4308"}],"version-history":[{"count":4,"href":"https:\/\/www.ateneapark.com\/ca\/wp-json\/wp\/v2\/pages\/4308\/revisions"}],"predecessor-version":[{"id":4700,"href":"https:\/\/www.ateneapark.com\/ca\/wp-json\/wp\/v2\/pages\/4308\/revisions\/4700"}],"wp:attachment":[{"href":"https:\/\/www.ateneapark.com\/ca\/wp-json\/wp\/v2\/media?parent=4308"}],"curies":[{"name":"wp","href":"https:\/\/api.w.org\/{rel}","templated":true}]}}